{"id":28699,"date":"2020-10-14T21:43:15","date_gmt":"2020-10-14T18:43:15","guid":{"rendered":"https:\/\/www.afidep.org\/event\/webinar-series-the-impact-of-covid-19-on-the-african-continents-prospects-of-harnessing-a-demographic-dividend-webinar-4\/"},"modified":"2020-10-14T21:43:15","modified_gmt":"2020-10-14T18:43:15","slug":"webinar-series-the-impact-of-covid-19-on-the-african-continents-prospects-of-harnessing-a-demographic-dividend-webinar-4","status":"publish","type":"event","link":"https:\/\/afidep.org\/fr\/event\/webinar-series-the-impact-of-covid-19-on-the-african-continents-prospects-of-harnessing-a-demographic-dividend-webinar-4\/","title":{"rendered":"The Impact of COVID-19 on the African Continent\u2019s Prospects of Harnessing a Demographic Dividend (Webinar 4)"},"content":{"rendered":"<p><strong>Download Webinar Presentation slides<\/strong><\/p>\n<ol>\n<li><a  data-e-Disable-Page-Transition=\"true\" class=\"download-link\" title=\"\" href=\"https:\/\/afidep.org\/fr\/download\/reflections-on-covid-19-and-youth-in-africa-1-pdf\/?tmstv=1777235980\" rel=\"nofollow\" id=\"download-link-15140\" data-redirect=\"false\" >\n\tReflections-on-COVID-19-and-Youth-in-Africa-1.pdf<\/a>\n<\/li>\n<li><a  data-e-Disable-Page-Transition=\"true\" class=\"download-link\" title=\"\" href=\"https:\/\/afidep.org\/fr\/download\/bernard-onyango-presentation_webinar-4-final-1-pptx\/?tmstv=1777235980\" rel=\"nofollow\" id=\"download-link-15149\" data-redirect=\"false\" >\n\tBernard-Onyango-presentation_Webinar-4-final-1.pptx<\/a>\n<\/li>\n<li><a  data-e-Disable-Page-Transition=\"true\" class=\"download-link\" title=\"\" href=\"https:\/\/afidep.org\/fr\/download\/lessons-from-responses-to-covid-19-in-west-africa_11_11_2020_j-f_kobiane1-1-pptx\/?tmstv=1777235980\" rel=\"nofollow\" id=\"download-link-15134\" data-redirect=\"false\" >\n\tLessons-from-responses-to-COVID-19-in-West-Africa_11_11_2020_J-F_KOBIANE1-1.pptx<\/a>\n<\/li>\n<\/ol>\n<p><strong>Watch Webinar Recording<\/strong><\/p>\n<p><iframe loading=\"lazy\" title=\"The Impact of COVID-19 on the Africa\u2019s Prospects of Harnessing a Demographic Dividend (Webinar 4)\" width=\"500\" height=\"281\" src=\"https:\/\/www.youtube.com\/embed\/Aaggd4HDt3k?feature=oembed\" frameborder=\"0\" allow=\"accelerometer; autoplay; clipboard-write; encrypted-media; gyroscope; picture-in-picture; web-share\" referrerpolicy=\"strict-origin-when-cross-origin\" allowfullscreen><\/iframe><\/p>\n<p>Under the leadership of South Africa\u2019s Department of Social Development and Statistics South Africa, we are pleased to host a webinar series in October and November, 2020, titled Demography and COVID-19 in Africa \u2013 Evidence and Policy Responses to Safeguard the Demographic Dividend. UNFPA, the British High Commission to South Africa and the Foreign, Commonwealth and Development Office (FCDO), the African Union (AU) and Africa CDC, the African Institute for Development Policy (AFIDEP), UAPS and PASA, are the other partners supporting this initiative.<\/p>\n<p><strong>Objective<\/strong><br \/>\nBuilding on South Africa\u2019s data analysis and understanding of the epidemic and lessons from the rest of Africa and other world regions, the webinar series seeks to create a space for sharing a demographic perspective on the impacts of COVID-19 \u00a0with partners on the continent, considering its implications for Africa to reach a demographic dividend and achieve the SDGs.<\/p>\n<p><b><span lang=\"EN-US\">Webinar Leads<\/span><\/b><span lang=\"EN-US\">:<b> <\/b>Whynie Adams, Department of Social Development (DSD), South Africa and <\/span><span lang=\"EN-US\">Angela Baschieri, UNFPA East and Southern Africa Regional Office (ESARO)<\/span><b> <\/b><\/p>\n<p><b><\/b>\u00a0<b><span lang=\"EN-US\">Moderator:<\/span><\/b><span lang=\"EN-US\"> Adnene\u00a0Ben Haj Aissa, Executive Director, Partners in Population and Development (PPD)<\/span><\/p>\n<p><b><\/b>\u00a0<b><span lang=\"EN-US\">Speakers: <\/span><\/b><\/p>\n<ul>\n<li><em><span lang=\"EN-GB\">Reflections on webinar 3<\/span><span lang=\"EN-GB\"> \u2013 <b>AFIDEP<\/b><\/span><\/em><\/li>\n<li><em><span lang=\"EN-GB\">One year on \u2013 reflections on ICPD+25 and COVID-19 &#8211; \u00a0<\/span><b><span lang=\"EN-GB\">Beatrice Mutali, UNFPA<\/span><\/b><\/em><\/li>\n<li><em><span lang=\"EN-GB\">The impact of COVID-19 on the Demographic Dividend pillars in Africa \u2013 <\/span><b><span lang=\"EN-GB\">Bernard Onyango, African Institute for Development Policy (AFIDEP)<\/span><\/b><\/em><\/li>\n<li><em>Reflections on the COVID-19 and the youth in Africa and lessons for the demographic dividend youth initiatives \u2013 <b>Nicholas Ouma, African Union Commission (AUC)<\/b><\/em><\/li>\n<li><em>What lessons can we learn from Africa\u2019s response to the COVID-19 pandemic \u2013 <b>Jean Fran\u00e7ois Kobian\u00e9, Institut Sup\u00e9rieur des Sciences de la Population (ISSP)\/Universit\u00e9 Joseph Ki-Zerbo <\/b><\/em><\/li>\n<\/ul>\n<p><b><span lang=\"EN-US\">Discussant:<\/span><\/b><span lang=\"EN-US\"> Ms Duduzile Simelane \u2013 Director, Social and Human Development, Southern African Development Community (SADC)\u00a0<\/span><\/p>\n<p><a href=\"\/?programme=seminar-series-demography-and-covid-19-in-africa\"><strong>Webinar four is part of a five-part webinar series on <\/strong><strong>Demography and COVID-19 in Africa &#8211; Evidence and Policy Responses to Safeguard the Demographic Dividend<\/strong><\/a><\/p>\n","protected":false},"featured_media":27214,"template":"","meta":{"_acf_changed":false,"give_campaign_id":0,"inline_featured_image":false},"tags":[2918,2548,2816,3757],"programme":[3004,3002],"country":[804,805,811],"cop26":[],"class_list":["post-28699","event","type-event","status-publish","has-post-thumbnail","hentry","tag-corona-fr","tag-covid-19-fr","tag-dd-fr","tag-webinar-4-the-impact-of-covid-19-on-the-african-continents-prospects-of-harnessing-a-demographic-dividend-fr","programme-dividende-demographique","programme-dynamique-des-populations-et-dividende-demographique","country-kenya","country-malawi","country-south-africa"],"acf":[],"yoast_head":"<!-- This site is optimized with the Yoast SEO plugin v27.4 - https:\/\/yoast.com\/product\/yoast-seo-wordpress\/ -->\n<title>The Impact of COVID-19 on the African Continent\u2019s Prospects of Harnessing a Demographic Dividend (Webinar 4) - African Institute for Development Policy - AFIDEP<\/title>\n<meta name=\"description\" content=\"WEBINAR 4: The Impact of COVID-19 on the African Continent\u2019s Prospects of Harnessing a Demographic Dividend. The impact of COVID-19 on the Demographic Dividend pillars in Africa, Bernard Onyango, AFIDEP. Strengthening institutional mechanisms for population and development to benefit from the DD in the context of COVID-19, UNFPA ESARO\/CO.\" \/>\n<meta name=\"robots\" content=\"index, follow, max-snippet:-1, max-image-preview:large, max-video-preview:-1\" \/>\n<link rel=\"canonical\" href=\"https:\/\/afidep.org\/fr\/event\/webinar-series-the-impact-of-covid-19-on-the-african-continents-prospects-of-harnessing-a-demographic-dividend-webinar-4\/\" \/>\n<meta property=\"og:locale\" content=\"fr_FR\" \/>\n<meta property=\"og:type\" content=\"article\" \/>\n<meta property=\"og:title\" content=\"The Impact of COVID-19 on the African Continent\u2019s Prospects of Harnessing a Demographic Dividend (Webinar 4) - African Institute for Development Policy - AFIDEP\" \/>\n<meta property=\"og:description\" content=\"WEBINAR 4: The Impact of COVID-19 on the African Continent\u2019s Prospects of Harnessing a Demographic Dividend. The impact of COVID-19 on the Demographic Dividend pillars in Africa, Bernard Onyango, AFIDEP. Strengthening institutional mechanisms for population and development to benefit from the DD in the context of COVID-19, UNFPA ESARO\/CO.\" \/>\n<meta property=\"og:url\" content=\"https:\/\/afidep.org\/fr\/event\/webinar-series-the-impact-of-covid-19-on-the-african-continents-prospects-of-harnessing-a-demographic-dividend-webinar-4\/\" \/>\n<meta property=\"og:site_name\" content=\"African Institute for Development Policy - AFIDEP\" \/>\n<meta property=\"og:image\" content=\"https:\/\/afidep.org\/wp-content\/uploads\/2020\/11\/webinar4-DD-covid19-poster.jpg\" \/>\n\t<meta property=\"og:image:width\" content=\"2500\" \/>\n\t<meta property=\"og:image:height\" content=\"1406\" \/>\n\t<meta property=\"og:image:type\" content=\"image\/jpeg\" \/>\n<meta name=\"twitter:card\" content=\"summary_large_image\" \/>\n<meta name=\"twitter:label1\" content=\"Dur\u00e9e de lecture estim\u00e9e\" \/>\n\t<meta name=\"twitter:data1\" content=\"2 minutes\" \/>\n<script type=\"application\/ld+json\" class=\"yoast-schema-graph\">{\"@context\":\"https:\\\/\\\/schema.org\",\"@graph\":[{\"@type\":\"WebPage\",\"@id\":\"https:\\\/\\\/afidep.org\\\/fr\\\/event\\\/webinar-series-the-impact-of-covid-19-on-the-african-continents-prospects-of-harnessing-a-demographic-dividend-webinar-4\\\/\",\"url\":\"https:\\\/\\\/afidep.org\\\/fr\\\/event\\\/webinar-series-the-impact-of-covid-19-on-the-african-continents-prospects-of-harnessing-a-demographic-dividend-webinar-4\\\/\",\"name\":\"The Impact of COVID-19 on the African Continent\u2019s Prospects of Harnessing a Demographic Dividend (Webinar 4) - African Institute for Development Policy - AFIDEP\",\"isPartOf\":{\"@id\":\"https:\\\/\\\/afidep.org\\\/fr\\\/#website\"},\"primaryImageOfPage\":{\"@id\":\"https:\\\/\\\/afidep.org\\\/fr\\\/event\\\/webinar-series-the-impact-of-covid-19-on-the-african-continents-prospects-of-harnessing-a-demographic-dividend-webinar-4\\\/#primaryimage\"},\"image\":{\"@id\":\"https:\\\/\\\/afidep.org\\\/fr\\\/event\\\/webinar-series-the-impact-of-covid-19-on-the-african-continents-prospects-of-harnessing-a-demographic-dividend-webinar-4\\\/#primaryimage\"},\"thumbnailUrl\":\"https:\\\/\\\/afidep.org\\\/wp-content\\\/uploads\\\/2020\\\/11\\\/webinar4-DD-covid19-poster.jpg\",\"datePublished\":\"2020-10-14T18:43:15+00:00\",\"description\":\"WEBINAR 4: The Impact of COVID-19 on the African Continent\u2019s Prospects of Harnessing a Demographic Dividend. The impact of COVID-19 on the Demographic Dividend pillars in Africa, Bernard Onyango, AFIDEP. Strengthening institutional mechanisms for population and development to benefit from the DD in the context of COVID-19, UNFPA ESARO\\\/CO.\",\"breadcrumb\":{\"@id\":\"https:\\\/\\\/afidep.org\\\/fr\\\/event\\\/webinar-series-the-impact-of-covid-19-on-the-african-continents-prospects-of-harnessing-a-demographic-dividend-webinar-4\\\/#breadcrumb\"},\"inLanguage\":\"fr-FR\",\"potentialAction\":[{\"@type\":\"ReadAction\",\"target\":[\"https:\\\/\\\/afidep.org\\\/fr\\\/event\\\/webinar-series-the-impact-of-covid-19-on-the-african-continents-prospects-of-harnessing-a-demographic-dividend-webinar-4\\\/\"]}]},{\"@type\":\"ImageObject\",\"inLanguage\":\"fr-FR\",\"@id\":\"https:\\\/\\\/afidep.org\\\/fr\\\/event\\\/webinar-series-the-impact-of-covid-19-on-the-african-continents-prospects-of-harnessing-a-demographic-dividend-webinar-4\\\/#primaryimage\",\"url\":\"https:\\\/\\\/afidep.org\\\/wp-content\\\/uploads\\\/2020\\\/11\\\/webinar4-DD-covid19-poster.jpg\",\"contentUrl\":\"https:\\\/\\\/afidep.org\\\/wp-content\\\/uploads\\\/2020\\\/11\\\/webinar4-DD-covid19-poster.jpg\",\"width\":2500,\"height\":1406},{\"@type\":\"BreadcrumbList\",\"@id\":\"https:\\\/\\\/afidep.org\\\/fr\\\/event\\\/webinar-series-the-impact-of-covid-19-on-the-african-continents-prospects-of-harnessing-a-demographic-dividend-webinar-4\\\/#breadcrumb\",\"itemListElement\":[{\"@type\":\"ListItem\",\"position\":1,\"name\":\"Home\",\"item\":\"https:\\\/\\\/afidep.org\\\/fr\\\/\"},{\"@type\":\"ListItem\",\"position\":2,\"name\":\"The Impact of COVID-19 on the African Continent\u2019s Prospects of Harnessing a Demographic Dividend (Webinar 4)\"}]},{\"@type\":\"WebSite\",\"@id\":\"https:\\\/\\\/afidep.org\\\/fr\\\/#website\",\"url\":\"https:\\\/\\\/afidep.org\\\/fr\\\/\",\"name\":\"African Institute for Development Policy - AFIDEP\",\"description\":\"Bridging Development Research, Policy &amp; Practice\",\"potentialAction\":[{\"@type\":\"SearchAction\",\"target\":{\"@type\":\"EntryPoint\",\"urlTemplate\":\"https:\\\/\\\/afidep.org\\\/fr\\\/?s={search_term_string}\"},\"query-input\":{\"@type\":\"PropertyValueSpecification\",\"valueRequired\":true,\"valueName\":\"search_term_string\"}}],\"inLanguage\":\"fr-FR\"}]}<\/script>\n<!-- \/ Yoast SEO plugin. -->","yoast_head_json":{"title":"The Impact of COVID-19 on the African Continent\u2019s Prospects of Harnessing a Demographic Dividend (Webinar 4) - African Institute for Development Policy - AFIDEP","description":"WEBINAR 4: The Impact of COVID-19 on the African Continent\u2019s Prospects of Harnessing a Demographic Dividend. The impact of COVID-19 on the Demographic Dividend pillars in Africa, Bernard Onyango, AFIDEP. Strengthening institutional mechanisms for population and development to benefit from the DD in the context of COVID-19, UNFPA ESARO\/CO.","robots":{"index":"index","follow":"follow","max-snippet":"max-snippet:-1","max-image-preview":"max-image-preview:large","max-video-preview":"max-video-preview:-1"},"canonical":"https:\/\/afidep.org\/fr\/event\/webinar-series-the-impact-of-covid-19-on-the-african-continents-prospects-of-harnessing-a-demographic-dividend-webinar-4\/","og_locale":"fr_FR","og_type":"article","og_title":"The Impact of COVID-19 on the African Continent\u2019s Prospects of Harnessing a Demographic Dividend (Webinar 4) - African Institute for Development Policy - AFIDEP","og_description":"WEBINAR 4: The Impact of COVID-19 on the African Continent\u2019s Prospects of Harnessing a Demographic Dividend. The impact of COVID-19 on the Demographic Dividend pillars in Africa, Bernard Onyango, AFIDEP. Strengthening institutional mechanisms for population and development to benefit from the DD in the context of COVID-19, UNFPA ESARO\/CO.","og_url":"https:\/\/afidep.org\/fr\/event\/webinar-series-the-impact-of-covid-19-on-the-african-continents-prospects-of-harnessing-a-demographic-dividend-webinar-4\/","og_site_name":"African Institute for Development Policy - AFIDEP","og_image":[{"width":2500,"height":1406,"url":"https:\/\/afidep.org\/wp-content\/uploads\/2020\/11\/webinar4-DD-covid19-poster.jpg","type":"image\/jpeg"}],"twitter_card":"summary_large_image","twitter_misc":{"Dur\u00e9e de lecture estim\u00e9e":"2 minutes"},"schema":{"@context":"https:\/\/schema.org","@graph":[{"@type":"WebPage","@id":"https:\/\/afidep.org\/fr\/event\/webinar-series-the-impact-of-covid-19-on-the-african-continents-prospects-of-harnessing-a-demographic-dividend-webinar-4\/","url":"https:\/\/afidep.org\/fr\/event\/webinar-series-the-impact-of-covid-19-on-the-african-continents-prospects-of-harnessing-a-demographic-dividend-webinar-4\/","name":"The Impact of COVID-19 on the African Continent\u2019s Prospects of Harnessing a Demographic Dividend (Webinar 4) - African Institute for Development Policy - AFIDEP","isPartOf":{"@id":"https:\/\/afidep.org\/fr\/#website"},"primaryImageOfPage":{"@id":"https:\/\/afidep.org\/fr\/event\/webinar-series-the-impact-of-covid-19-on-the-african-continents-prospects-of-harnessing-a-demographic-dividend-webinar-4\/#primaryimage"},"image":{"@id":"https:\/\/afidep.org\/fr\/event\/webinar-series-the-impact-of-covid-19-on-the-african-continents-prospects-of-harnessing-a-demographic-dividend-webinar-4\/#primaryimage"},"thumbnailUrl":"https:\/\/afidep.org\/wp-content\/uploads\/2020\/11\/webinar4-DD-covid19-poster.jpg","datePublished":"2020-10-14T18:43:15+00:00","description":"WEBINAR 4: The Impact of COVID-19 on the African Continent\u2019s Prospects of Harnessing a Demographic Dividend. The impact of COVID-19 on the Demographic Dividend pillars in Africa, Bernard Onyango, AFIDEP. Strengthening institutional mechanisms for population and development to benefit from the DD in the context of COVID-19, UNFPA ESARO\/CO.","breadcrumb":{"@id":"https:\/\/afidep.org\/fr\/event\/webinar-series-the-impact-of-covid-19-on-the-african-continents-prospects-of-harnessing-a-demographic-dividend-webinar-4\/#breadcrumb"},"inLanguage":"fr-FR","potentialAction":[{"@type":"ReadAction","target":["https:\/\/afidep.org\/fr\/event\/webinar-series-the-impact-of-covid-19-on-the-african-continents-prospects-of-harnessing-a-demographic-dividend-webinar-4\/"]}]},{"@type":"ImageObject","inLanguage":"fr-FR","@id":"https:\/\/afidep.org\/fr\/event\/webinar-series-the-impact-of-covid-19-on-the-african-continents-prospects-of-harnessing-a-demographic-dividend-webinar-4\/#primaryimage","url":"https:\/\/afidep.org\/wp-content\/uploads\/2020\/11\/webinar4-DD-covid19-poster.jpg","contentUrl":"https:\/\/afidep.org\/wp-content\/uploads\/2020\/11\/webinar4-DD-covid19-poster.jpg","width":2500,"height":1406},{"@type":"BreadcrumbList","@id":"https:\/\/afidep.org\/fr\/event\/webinar-series-the-impact-of-covid-19-on-the-african-continents-prospects-of-harnessing-a-demographic-dividend-webinar-4\/#breadcrumb","itemListElement":[{"@type":"ListItem","position":1,"name":"Home","item":"https:\/\/afidep.org\/fr\/"},{"@type":"ListItem","position":2,"name":"The Impact of COVID-19 on the African Continent\u2019s Prospects of Harnessing a Demographic Dividend (Webinar 4)"}]},{"@type":"WebSite","@id":"https:\/\/afidep.org\/fr\/#website","url":"https:\/\/afidep.org\/fr\/","name":"African Institute for Development Policy - AFIDEP","description":"Bridging Development Research, Policy &amp; Practice","potentialAction":[{"@type":"SearchAction","target":{"@type":"EntryPoint","urlTemplate":"https:\/\/afidep.org\/fr\/?s={search_term_string}"},"query-input":{"@type":"PropertyValueSpecification","valueRequired":true,"valueName":"search_term_string"}}],"inLanguage":"fr-FR"}]}},"_links":{"self":[{"href":"https:\/\/afidep.org\/fr\/wp-json\/wp\/v2\/event\/28699","targetHints":{"allow":["GET"]}}],"collection":[{"href":"https:\/\/afidep.org\/fr\/wp-json\/wp\/v2\/event"}],"about":[{"href":"https:\/\/afidep.org\/fr\/wp-json\/wp\/v2\/types\/event"}],"wp:featuredmedia":[{"embeddable":true,"href":"https:\/\/afidep.org\/fr\/wp-json\/wp\/v2\/media\/27214"}],"wp:attachment":[{"href":"https:\/\/afidep.org\/fr\/wp-json\/wp\/v2\/media?parent=28699"}],"wp:term":[{"taxonomy":"post_tag","embeddable":true,"href":"https:\/\/afidep.org\/fr\/wp-json\/wp\/v2\/tags?post=28699"},{"taxonomy":"programme","embeddable":true,"href":"https:\/\/afidep.org\/fr\/wp-json\/wp\/v2\/programme?post=28699"},{"taxonomy":"country","embeddable":true,"href":"https:\/\/afidep.org\/fr\/wp-json\/wp\/v2\/country?post=28699"},{"taxonomy":"cop26","embeddable":true,"href":"https:\/\/afidep.org\/fr\/wp-json\/wp\/v2\/cop26?post=28699"}],"curies":[{"name":"wp","href":"https:\/\/api.w.org\/{rel}","templated":true}]}}