{"id":28392,"date":"2022-01-11T13:46:24","date_gmt":"2022-01-11T10:46:24","guid":{"rendered":"https:\/\/www.afidep.org\/publication\/antimicrobial-resistance-the-less-spoken-pandemic-a-call-for-proactive-implementation-of-national-action-plans-on-amr-in-the-east-african-region\/"},"modified":"2024-01-11T12:02:15","modified_gmt":"2024-01-11T09:02:15","slug":"antimicrobial-resistance-the-less-spoken-pandemic-a-call-for-proactive-implementation-of-national-action-plans-on-amr-in-the-east-african-region","status":"publish","type":"publication","link":"https:\/\/afidep.org\/fr\/publication\/antimicrobial-resistance-the-less-spoken-pandemic-a-call-for-proactive-implementation-of-national-action-plans-on-amr-in-the-east-african-region\/","title":{"rendered":"R\u00e9sistance aux antimicrobiens : la pand\u00e9mie la moins \u00e9voqu\u00e9e \u2013 un appel \u00e0 la mise en \u0153uvre proactive des plans d\u2019action nationaux sur la RAM dans la r\u00e9gion de l\u2019Afrique de l\u2019Est"},"content":{"rendered":"<p>\u00c0 l\u2019\u00e9chelle mondiale, la r\u00e9sistance aux antimicrobiens (RAM) constitue un probl\u00e8me de sant\u00e9 publique en raison de ses cons\u00e9quences sanitaires et \u00e9conomiques, estim\u00e9es \u00e0 10 millions de d\u00e9c\u00e8s humains par an et \u00e0 une diminution de 2 \u00e0 3 % du produit int\u00e9rieur brut (PIB) mondial. La RAM n\u00e9cessite des interventions imm\u00e9diates en raison des cons\u00e9quences de l&rsquo;infection par des micro-organismes r\u00e9sistants entra\u00eenant des maladies graves, une mortalit\u00e9 accrue, une hospitalisation prolong\u00e9e et une augmentation des co\u00fbts de sant\u00e9 [3, 4]. La consommation mondiale totale d\u2019antibiotiques a augment\u00e9 de 65 % entre 2000 et 2015, avec une projection plus \u00e9lev\u00e9e d\u2019ici 2030.<\/p>\n<p>&nbsp;<\/p>\n<p>Cette note d&rsquo;information pr\u00e9sente un r\u00e9sum\u00e9 des r\u00e9sum\u00e9s pr\u00e9sent\u00e9s lors de la 8e Conf\u00e9rence scientifique sur la sant\u00e9 en Afrique de l&rsquo;Est (EAHSC) sur l&rsquo;acc\u00e8s\/l&rsquo;utilisation et les pratiques de distribution des antibiotiques, la conformit\u00e9 des points d&rsquo;acc\u00e8s aux m\u00e9dicaments avec les politiques de distribution des pharmacies, la gestion des antimicrobiens et la r\u00e9glementation de l&rsquo;utilisation des antimicrobiens en tant que moteurs de la RAM au Kenya, en Ouganda et en Tanzanie. Le dossier fournit \u00e9galement des messages et des recommandations cl\u00e9s issus de l&rsquo;examen et de la synth\u00e8se des r\u00e9sum\u00e9s. La conf\u00e9rence s&rsquo;est tenue du 17 au 19 novembre 2021 \u00e0 Nairobi, au Kenya.<\/p>\n","protected":false},"excerpt":{"rendered":"<p>Cette note d&rsquo;information pr\u00e9sente un r\u00e9sum\u00e9 des r\u00e9sum\u00e9s pr\u00e9sent\u00e9s lors de la 8e Conf\u00e9rence scientifique sur la sant\u00e9 en Afrique de l&rsquo;Est (EAHSC) sur le COVID-19<br \/>\nainsi que des messages et des recommandations cl\u00e9s issus de l&rsquo;examen et de la synth\u00e8se des r\u00e9sum\u00e9s. La conf\u00e9rence s&rsquo;est tenue du 17 au 19 novembre 2021 \u00e0 Nairobi, au Kenya.<\/p>\n","protected":false},"featured_media":27672,"template":"","meta":{"_acf_changed":false,"give_campaign_id":0,"inline_featured_image":false},"tags":[2876,2915,3309,3241,2568,2710,2713,2637,3311,2424,2714,2728,2770],"programme":[3016,3014],"pub_type":[3107],"country":[3037],"cop26":[],"class_list":["post-28392","publication","type-publication","status-publish","has-post-thumbnail","hentry","tag-amr-fr","tag-antimicrobial-resistance-fr","tag-eahsc-fr","tag-east-africa-fr","tag-health-fr","tag-high-res-fr","tag-kemri-fr","tag-kenya-fr","tag-knowledge-management-platform-fr","tag-ministry-of-health-fr","tag-moh-fr","tag-pandemic-fr","tag-research-evidence-fr","programme-le-renforcement-de-la-capacite-institutionnelle-pour-lutilisation-gouvernementale-de-la-recherche-en-sante-le-projet-high-res","programme-sante-et-bien-etre","pub_type-research-briefs-fr","country-kenya-fr"],"acf":[],"yoast_head":"<!-- This site is optimized with the Yoast SEO plugin v27.4 - https:\/\/yoast.com\/product\/yoast-seo-wordpress\/ -->\n<title>R\u00e9sistance aux antimicrobiens : la pand\u00e9mie la moins \u00e9voqu\u00e9e \u2013 un appel \u00e0 la mise en \u0153uvre proactive des plans d\u2019action nationaux sur la RAM dans la r\u00e9gion de l\u2019Afrique de l\u2019Est - African Institute for Development Policy - AFIDEP<\/title>\n<meta name=\"robots\" content=\"index, follow, max-snippet:-1, max-image-preview:large, max-video-preview:-1\" \/>\n<link rel=\"canonical\" href=\"https:\/\/afidep.org\/fr\/publication\/antimicrobial-resistance-the-less-spoken-pandemic-a-call-for-proactive-implementation-of-national-action-plans-on-amr-in-the-east-african-region\/\" \/>\n<meta property=\"og:locale\" content=\"fr_FR\" \/>\n<meta property=\"og:type\" content=\"article\" \/>\n<meta property=\"og:title\" content=\"R\u00e9sistance aux antimicrobiens : la pand\u00e9mie la moins \u00e9voqu\u00e9e \u2013 un appel \u00e0 la mise en \u0153uvre proactive des plans d\u2019action nationaux sur la RAM dans la r\u00e9gion de l\u2019Afrique de l\u2019Est - African Institute for Development Policy - AFIDEP\" \/>\n<meta property=\"og:description\" content=\"Cette note d&#039;information pr\u00e9sente un r\u00e9sum\u00e9 des r\u00e9sum\u00e9s pr\u00e9sent\u00e9s lors de la 8e Conf\u00e9rence scientifique sur la sant\u00e9 en Afrique de l&#039;Est (EAHSC) sur le COVID-19 ainsi que des messages et des recommandations cl\u00e9s issus de l&#039;examen et de la synth\u00e8se des r\u00e9sum\u00e9s. La conf\u00e9rence s&#039;est tenue du 17 au 19 novembre 2021 \u00e0 Nairobi, au Kenya.\" \/>\n<meta property=\"og:url\" content=\"https:\/\/afidep.org\/fr\/publication\/antimicrobial-resistance-the-less-spoken-pandemic-a-call-for-proactive-implementation-of-national-action-plans-on-amr-in-the-east-african-region\/\" \/>\n<meta property=\"og:site_name\" content=\"African Institute for Development Policy - AFIDEP\" \/>\n<meta property=\"article:modified_time\" content=\"2024-01-11T09:02:15+00:00\" \/>\n<meta property=\"og:image\" content=\"https:\/\/afidep.org\/wp-content\/uploads\/2022\/01\/AMR-cover.jpg\" \/>\n\t<meta property=\"og:image:width\" content=\"1654\" \/>\n\t<meta property=\"og:image:height\" content=\"2339\" \/>\n\t<meta property=\"og:image:type\" content=\"image\/jpeg\" \/>\n<meta name=\"twitter:card\" content=\"summary_large_image\" \/>\n<meta name=\"twitter:label1\" content=\"Dur\u00e9e de lecture estim\u00e9e\" \/>\n\t<meta name=\"twitter:data1\" content=\"1 minute\" \/>\n<script type=\"application\/ld+json\" class=\"yoast-schema-graph\">{\"@context\":\"https:\\\/\\\/schema.org\",\"@graph\":[{\"@type\":\"WebPage\",\"@id\":\"https:\\\/\\\/afidep.org\\\/fr\\\/publication\\\/antimicrobial-resistance-the-less-spoken-pandemic-a-call-for-proactive-implementation-of-national-action-plans-on-amr-in-the-east-african-region\\\/\",\"url\":\"https:\\\/\\\/afidep.org\\\/fr\\\/publication\\\/antimicrobial-resistance-the-less-spoken-pandemic-a-call-for-proactive-implementation-of-national-action-plans-on-amr-in-the-east-african-region\\\/\",\"name\":\"R\u00e9sistance aux antimicrobiens : la pand\u00e9mie la moins \u00e9voqu\u00e9e \u2013 un appel \u00e0 la mise en \u0153uvre proactive des plans d\u2019action nationaux sur la RAM dans la r\u00e9gion de l\u2019Afrique de l\u2019Est - African Institute for Development Policy - AFIDEP\",\"isPartOf\":{\"@id\":\"https:\\\/\\\/afidep.org\\\/fr\\\/#website\"},\"primaryImageOfPage\":{\"@id\":\"https:\\\/\\\/afidep.org\\\/fr\\\/publication\\\/antimicrobial-resistance-the-less-spoken-pandemic-a-call-for-proactive-implementation-of-national-action-plans-on-amr-in-the-east-african-region\\\/#primaryimage\"},\"image\":{\"@id\":\"https:\\\/\\\/afidep.org\\\/fr\\\/publication\\\/antimicrobial-resistance-the-less-spoken-pandemic-a-call-for-proactive-implementation-of-national-action-plans-on-amr-in-the-east-african-region\\\/#primaryimage\"},\"thumbnailUrl\":\"https:\\\/\\\/afidep.org\\\/wp-content\\\/uploads\\\/2022\\\/01\\\/AMR-cover.jpg\",\"datePublished\":\"2022-01-11T10:46:24+00:00\",\"dateModified\":\"2024-01-11T09:02:15+00:00\",\"breadcrumb\":{\"@id\":\"https:\\\/\\\/afidep.org\\\/fr\\\/publication\\\/antimicrobial-resistance-the-less-spoken-pandemic-a-call-for-proactive-implementation-of-national-action-plans-on-amr-in-the-east-african-region\\\/#breadcrumb\"},\"inLanguage\":\"fr-FR\",\"potentialAction\":[{\"@type\":\"ReadAction\",\"target\":[\"https:\\\/\\\/afidep.org\\\/fr\\\/publication\\\/antimicrobial-resistance-the-less-spoken-pandemic-a-call-for-proactive-implementation-of-national-action-plans-on-amr-in-the-east-african-region\\\/\"]}]},{\"@type\":\"ImageObject\",\"inLanguage\":\"fr-FR\",\"@id\":\"https:\\\/\\\/afidep.org\\\/fr\\\/publication\\\/antimicrobial-resistance-the-less-spoken-pandemic-a-call-for-proactive-implementation-of-national-action-plans-on-amr-in-the-east-african-region\\\/#primaryimage\",\"url\":\"https:\\\/\\\/afidep.org\\\/wp-content\\\/uploads\\\/2022\\\/01\\\/AMR-cover.jpg\",\"contentUrl\":\"https:\\\/\\\/afidep.org\\\/wp-content\\\/uploads\\\/2022\\\/01\\\/AMR-cover.jpg\",\"width\":1654,\"height\":2339},{\"@type\":\"BreadcrumbList\",\"@id\":\"https:\\\/\\\/afidep.org\\\/fr\\\/publication\\\/antimicrobial-resistance-the-less-spoken-pandemic-a-call-for-proactive-implementation-of-national-action-plans-on-amr-in-the-east-african-region\\\/#breadcrumb\",\"itemListElement\":[{\"@type\":\"ListItem\",\"position\":1,\"name\":\"Home\",\"item\":\"https:\\\/\\\/afidep.org\\\/fr\\\/\"},{\"@type\":\"ListItem\",\"position\":2,\"name\":\"R\u00e9sistance aux antimicrobiens : la pand\u00e9mie la moins \u00e9voqu\u00e9e \u2013 un appel \u00e0 la mise en \u0153uvre proactive des plans d\u2019action nationaux sur la RAM dans la r\u00e9gion de l\u2019Afrique de l\u2019Est\"}]},{\"@type\":\"WebSite\",\"@id\":\"https:\\\/\\\/afidep.org\\\/fr\\\/#website\",\"url\":\"https:\\\/\\\/afidep.org\\\/fr\\\/\",\"name\":\"African Institute for Development Policy - AFIDEP\",\"description\":\"Bridging Development Research, Policy &amp; Practice\",\"potentialAction\":[{\"@type\":\"SearchAction\",\"target\":{\"@type\":\"EntryPoint\",\"urlTemplate\":\"https:\\\/\\\/afidep.org\\\/fr\\\/?s={search_term_string}\"},\"query-input\":{\"@type\":\"PropertyValueSpecification\",\"valueRequired\":true,\"valueName\":\"search_term_string\"}}],\"inLanguage\":\"fr-FR\"}]}<\/script>\n<!-- \/ Yoast SEO plugin. -->","yoast_head_json":{"title":"R\u00e9sistance aux antimicrobiens : la pand\u00e9mie la moins \u00e9voqu\u00e9e \u2013 un appel \u00e0 la mise en \u0153uvre proactive des plans d\u2019action nationaux sur la RAM dans la r\u00e9gion de l\u2019Afrique de l\u2019Est - African Institute for Development Policy - AFIDEP","robots":{"index":"index","follow":"follow","max-snippet":"max-snippet:-1","max-image-preview":"max-image-preview:large","max-video-preview":"max-video-preview:-1"},"canonical":"https:\/\/afidep.org\/fr\/publication\/antimicrobial-resistance-the-less-spoken-pandemic-a-call-for-proactive-implementation-of-national-action-plans-on-amr-in-the-east-african-region\/","og_locale":"fr_FR","og_type":"article","og_title":"R\u00e9sistance aux antimicrobiens : la pand\u00e9mie la moins \u00e9voqu\u00e9e \u2013 un appel \u00e0 la mise en \u0153uvre proactive des plans d\u2019action nationaux sur la RAM dans la r\u00e9gion de l\u2019Afrique de l\u2019Est - African Institute for Development Policy - AFIDEP","og_description":"Cette note d'information pr\u00e9sente un r\u00e9sum\u00e9 des r\u00e9sum\u00e9s pr\u00e9sent\u00e9s lors de la 8e Conf\u00e9rence scientifique sur la sant\u00e9 en Afrique de l'Est (EAHSC) sur le COVID-19 ainsi que des messages et des recommandations cl\u00e9s issus de l'examen et de la synth\u00e8se des r\u00e9sum\u00e9s. La conf\u00e9rence s'est tenue du 17 au 19 novembre 2021 \u00e0 Nairobi, au Kenya.","og_url":"https:\/\/afidep.org\/fr\/publication\/antimicrobial-resistance-the-less-spoken-pandemic-a-call-for-proactive-implementation-of-national-action-plans-on-amr-in-the-east-african-region\/","og_site_name":"African Institute for Development Policy - AFIDEP","article_modified_time":"2024-01-11T09:02:15+00:00","og_image":[{"width":1654,"height":2339,"url":"https:\/\/afidep.org\/wp-content\/uploads\/2022\/01\/AMR-cover.jpg","type":"image\/jpeg"}],"twitter_card":"summary_large_image","twitter_misc":{"Dur\u00e9e de lecture estim\u00e9e":"1 minute"},"schema":{"@context":"https:\/\/schema.org","@graph":[{"@type":"WebPage","@id":"https:\/\/afidep.org\/fr\/publication\/antimicrobial-resistance-the-less-spoken-pandemic-a-call-for-proactive-implementation-of-national-action-plans-on-amr-in-the-east-african-region\/","url":"https:\/\/afidep.org\/fr\/publication\/antimicrobial-resistance-the-less-spoken-pandemic-a-call-for-proactive-implementation-of-national-action-plans-on-amr-in-the-east-african-region\/","name":"R\u00e9sistance aux antimicrobiens : la pand\u00e9mie la moins \u00e9voqu\u00e9e \u2013 un appel \u00e0 la mise en \u0153uvre proactive des plans d\u2019action nationaux sur la RAM dans la r\u00e9gion de l\u2019Afrique de l\u2019Est - African Institute for Development Policy - AFIDEP","isPartOf":{"@id":"https:\/\/afidep.org\/fr\/#website"},"primaryImageOfPage":{"@id":"https:\/\/afidep.org\/fr\/publication\/antimicrobial-resistance-the-less-spoken-pandemic-a-call-for-proactive-implementation-of-national-action-plans-on-amr-in-the-east-african-region\/#primaryimage"},"image":{"@id":"https:\/\/afidep.org\/fr\/publication\/antimicrobial-resistance-the-less-spoken-pandemic-a-call-for-proactive-implementation-of-national-action-plans-on-amr-in-the-east-african-region\/#primaryimage"},"thumbnailUrl":"https:\/\/afidep.org\/wp-content\/uploads\/2022\/01\/AMR-cover.jpg","datePublished":"2022-01-11T10:46:24+00:00","dateModified":"2024-01-11T09:02:15+00:00","breadcrumb":{"@id":"https:\/\/afidep.org\/fr\/publication\/antimicrobial-resistance-the-less-spoken-pandemic-a-call-for-proactive-implementation-of-national-action-plans-on-amr-in-the-east-african-region\/#breadcrumb"},"inLanguage":"fr-FR","potentialAction":[{"@type":"ReadAction","target":["https:\/\/afidep.org\/fr\/publication\/antimicrobial-resistance-the-less-spoken-pandemic-a-call-for-proactive-implementation-of-national-action-plans-on-amr-in-the-east-african-region\/"]}]},{"@type":"ImageObject","inLanguage":"fr-FR","@id":"https:\/\/afidep.org\/fr\/publication\/antimicrobial-resistance-the-less-spoken-pandemic-a-call-for-proactive-implementation-of-national-action-plans-on-amr-in-the-east-african-region\/#primaryimage","url":"https:\/\/afidep.org\/wp-content\/uploads\/2022\/01\/AMR-cover.jpg","contentUrl":"https:\/\/afidep.org\/wp-content\/uploads\/2022\/01\/AMR-cover.jpg","width":1654,"height":2339},{"@type":"BreadcrumbList","@id":"https:\/\/afidep.org\/fr\/publication\/antimicrobial-resistance-the-less-spoken-pandemic-a-call-for-proactive-implementation-of-national-action-plans-on-amr-in-the-east-african-region\/#breadcrumb","itemListElement":[{"@type":"ListItem","position":1,"name":"Home","item":"https:\/\/afidep.org\/fr\/"},{"@type":"ListItem","position":2,"name":"R\u00e9sistance aux antimicrobiens : la pand\u00e9mie la moins \u00e9voqu\u00e9e \u2013 un appel \u00e0 la mise en \u0153uvre proactive des plans d\u2019action nationaux sur la RAM dans la r\u00e9gion de l\u2019Afrique de l\u2019Est"}]},{"@type":"WebSite","@id":"https:\/\/afidep.org\/fr\/#website","url":"https:\/\/afidep.org\/fr\/","name":"African Institute for Development Policy - AFIDEP","description":"Bridging Development Research, Policy &amp; Practice","potentialAction":[{"@type":"SearchAction","target":{"@type":"EntryPoint","urlTemplate":"https:\/\/afidep.org\/fr\/?s={search_term_string}"},"query-input":{"@type":"PropertyValueSpecification","valueRequired":true,"valueName":"search_term_string"}}],"inLanguage":"fr-FR"}]}},"_links":{"self":[{"href":"https:\/\/afidep.org\/fr\/wp-json\/wp\/v2\/publication\/28392","targetHints":{"allow":["GET"]}}],"collection":[{"href":"https:\/\/afidep.org\/fr\/wp-json\/wp\/v2\/publication"}],"about":[{"href":"https:\/\/afidep.org\/fr\/wp-json\/wp\/v2\/types\/publication"}],"wp:featuredmedia":[{"embeddable":true,"href":"https:\/\/afidep.org\/fr\/wp-json\/wp\/v2\/media\/27672"}],"wp:attachment":[{"href":"https:\/\/afidep.org\/fr\/wp-json\/wp\/v2\/media?parent=28392"}],"wp:term":[{"taxonomy":"post_tag","embeddable":true,"href":"https:\/\/afidep.org\/fr\/wp-json\/wp\/v2\/tags?post=28392"},{"taxonomy":"programme","embeddable":true,"href":"https:\/\/afidep.org\/fr\/wp-json\/wp\/v2\/programme?post=28392"},{"taxonomy":"pub_type","embeddable":true,"href":"https:\/\/afidep.org\/fr\/wp-json\/wp\/v2\/pub_type?post=28392"},{"taxonomy":"country","embeddable":true,"href":"https:\/\/afidep.org\/fr\/wp-json\/wp\/v2\/country?post=28392"},{"taxonomy":"cop26","embeddable":true,"href":"https:\/\/afidep.org\/fr\/wp-json\/wp\/v2\/cop26?post=28392"}],"curies":[{"name":"wp","href":"https:\/\/api.w.org\/{rel}","templated":true}]}}