{"id":28487,"date":"2020-11-16T16:19:08","date_gmt":"2020-11-16T13:19:08","guid":{"rendered":"https:\/\/www.afidep.org\/publication\/an-assessment-of-knowledge-attitudes-perception-and-practice-about-covid-19-among-the-kenyan-population\/"},"modified":"2024-02-09T06:22:25","modified_gmt":"2024-02-09T03:22:25","slug":"an-assessment-of-knowledge-attitudes-perception-and-practice-about-covid-19-among-the-kenyan-population","status":"publish","type":"publication","link":"https:\/\/afidep.org\/fr\/publication\/an-assessment-of-knowledge-attitudes-perception-and-practice-about-covid-19-among-the-kenyan-population\/","title":{"rendered":"Une \u00e9valuation des connaissances, attitudes, perceptions et pratiques concernant le COVID-19 au sein de la population kenyane"},"content":{"rendered":"<p>La maladie \u00e0 virus Corona 2019 est une maladie respiratoire grave \u00e9mergente caus\u00e9e par un nouveau virus SARS-Cov-2. Il a \u00e9t\u00e9 d\u00e9tect\u00e9 pour la premi\u00e8re fois en d\u00e9cembre 2019 \u00e0 Wuhan, en Chine1 et a d\u00e9clar\u00e9 une pand\u00e9mie le 11 mars 2020. Le premier cas a \u00e9t\u00e9 signal\u00e9 au Kenya le 13 mars 2020 et au 16 septembre 2020, il y avait 36\u00a0205 cas, 23\u00a0243 gu\u00e9risons et 624 d\u00e9c\u00e8s, ce qui correspond \u00e0 un taux de l\u00e9talit\u00e9 de 1,7 %.2 Le minist\u00e8re de la Sant\u00e9, par l&rsquo;interm\u00e9diaire du Comit\u00e9 national d&rsquo;intervention d&rsquo;urgence sur le coronavirus, a mis en place plusieurs mesures pour r\u00e9duire la transmission de la maladie et accro\u00eetre les efforts de pr\u00e9vention, notamment\u00a0: le port obligatoire du masque en public, la promotion du hygi\u00e8ne des mains et de la toux, couvre-feu du cr\u00e9puscule \u00e0 l&rsquo;aube (y compris la restriction initiale des d\u00e9placements vers et hors des comt\u00e9s sensibles), promotion de la distance sociale et physique, suspension de l&rsquo;apprentissage dans tous les \u00e9tablissements d&rsquo;enseignement et promotion des modalit\u00e9s de travail \u00e0 domicile. Plus r\u00e9cemment, le gouvernement a ajout\u00e9 la prise en charge \u00e0 domicile des cas asymptomatiques et b\u00e9nins. Il a \u00e9galement d\u00e9centralis\u00e9 la r\u00e9ponse au COVID-19 vers les comt\u00e9s et se concentre sur l\u2019optimisation de l\u2019utilisation d\u2019une strat\u00e9gie communautaire pour g\u00e9rer et contr\u00f4ler la maladie.<\/p>\n<p>&nbsp;<\/p>\n<p>Afin de g\u00e9n\u00e9rer les preuves n\u00e9cessaires pour \u00e9clairer les efforts gouvernementaux en cours pour contr\u00f4ler la propagation du COVID-19, le minist\u00e8re de la Sant\u00e9, en collaboration avec l&rsquo;Institut de recherche m\u00e9dicale du Kenya et l&rsquo;Institut africain pour les politiques de d\u00e9veloppement, a men\u00e9 une enqu\u00eate sur les connaissances, attitudes, perceptions et pratiques entre juin -Juillet 2020.<\/p>\n<p style=\"text-align: center;\"><a  data-e-Disable-Page-Transition=\"true\" class=\"download-link\" title=\"\" href=\"https:\/\/afidep.org\/fr\/download\/covid-19-kapp-study-policy-brief-pdf\/?tmstv=1777242560\" rel=\"nofollow\" id=\"download-link-15174\" data-redirect=\"false\" >\n\tCovid-19-KAPP-Study-Policy-Brief.pdf<\/a>\n<\/p>\n","protected":false},"excerpt":{"rendered":"<p>Une \u00e9valuation des connaissances, attitudes, perceptions et pratiques concernant le COVID-19 au sein de la population kenyane<\/p>\n","protected":false},"featured_media":27219,"template":"","meta":{"_acf_changed":false,"give_campaign_id":0,"inline_featured_image":false},"tags":[],"programme":[3000],"pub_type":[3105],"country":[3037],"cop26":[],"class_list":["post-28487","publication","type-publication","status-publish","has-post-thumbnail","hentry","programme-gouvernance-et-responsabilite","pub_type-policy-briefs-fr","country-kenya-fr"],"acf":[],"yoast_head":"<!-- This site is optimized with the Yoast SEO plugin v27.4 - https:\/\/yoast.com\/product\/yoast-seo-wordpress\/ -->\n<title>Une \u00e9valuation des connaissances, attitudes, perceptions et pratiques concernant le COVID-19 au sein de la population kenyane - African Institute for Development Policy - AFIDEP<\/title>\n<meta name=\"description\" content=\"Une \u00e9valuation des connaissances, attitudes, perceptions et pratiques concernant le COVID-19 au sein de la population kenyane\" \/>\n<meta name=\"robots\" content=\"index, follow, max-snippet:-1, max-image-preview:large, max-video-preview:-1\" \/>\n<link rel=\"canonical\" href=\"https:\/\/afidep.org\/fr\/publication\/an-assessment-of-knowledge-attitudes-perception-and-practice-about-covid-19-among-the-kenyan-population\/\" \/>\n<meta property=\"og:locale\" content=\"fr_FR\" \/>\n<meta property=\"og:type\" content=\"article\" \/>\n<meta property=\"og:title\" content=\"Une \u00e9valuation des connaissances, attitudes, perceptions et pratiques concernant le COVID-19 au sein de la population kenyane - African Institute for Development Policy - AFIDEP\" \/>\n<meta property=\"og:description\" content=\"Une \u00e9valuation des connaissances, attitudes, perceptions et pratiques concernant le COVID-19 au sein de la population kenyane\" \/>\n<meta property=\"og:url\" content=\"https:\/\/afidep.org\/fr\/publication\/an-assessment-of-knowledge-attitudes-perception-and-practice-about-covid-19-among-the-kenyan-population\/\" \/>\n<meta property=\"og:site_name\" content=\"African Institute for Development Policy - AFIDEP\" \/>\n<meta property=\"article:modified_time\" content=\"2024-02-09T03:22:25+00:00\" \/>\n<meta property=\"og:image\" content=\"https:\/\/afidep.org\/wp-content\/uploads\/2020\/11\/Covid-19-KAPP-Study-Policy_Page_1.jpg\" \/>\n\t<meta property=\"og:image:width\" content=\"1654\" \/>\n\t<meta property=\"og:image:height\" content=\"2481\" \/>\n\t<meta property=\"og:image:type\" content=\"image\/jpeg\" \/>\n<meta name=\"twitter:card\" content=\"summary_large_image\" \/>\n<meta name=\"twitter:label1\" content=\"Dur\u00e9e de lecture estim\u00e9e\" \/>\n\t<meta name=\"twitter:data1\" content=\"1 minute\" \/>\n<script type=\"application\/ld+json\" class=\"yoast-schema-graph\">{\"@context\":\"https:\\\/\\\/schema.org\",\"@graph\":[{\"@type\":\"WebPage\",\"@id\":\"https:\\\/\\\/afidep.org\\\/fr\\\/publication\\\/an-assessment-of-knowledge-attitudes-perception-and-practice-about-covid-19-among-the-kenyan-population\\\/\",\"url\":\"https:\\\/\\\/afidep.org\\\/fr\\\/publication\\\/an-assessment-of-knowledge-attitudes-perception-and-practice-about-covid-19-among-the-kenyan-population\\\/\",\"name\":\"Une \u00e9valuation des connaissances, attitudes, perceptions et pratiques concernant le COVID-19 au sein de la population kenyane - African Institute for Development Policy - AFIDEP\",\"isPartOf\":{\"@id\":\"https:\\\/\\\/afidep.org\\\/fr\\\/#website\"},\"primaryImageOfPage\":{\"@id\":\"https:\\\/\\\/afidep.org\\\/fr\\\/publication\\\/an-assessment-of-knowledge-attitudes-perception-and-practice-about-covid-19-among-the-kenyan-population\\\/#primaryimage\"},\"image\":{\"@id\":\"https:\\\/\\\/afidep.org\\\/fr\\\/publication\\\/an-assessment-of-knowledge-attitudes-perception-and-practice-about-covid-19-among-the-kenyan-population\\\/#primaryimage\"},\"thumbnailUrl\":\"https:\\\/\\\/afidep.org\\\/wp-content\\\/uploads\\\/2020\\\/11\\\/Covid-19-KAPP-Study-Policy_Page_1.jpg\",\"datePublished\":\"2020-11-16T13:19:08+00:00\",\"dateModified\":\"2024-02-09T03:22:25+00:00\",\"description\":\"Une \u00e9valuation des connaissances, attitudes, perceptions et pratiques concernant le COVID-19 au sein de la population kenyane\",\"breadcrumb\":{\"@id\":\"https:\\\/\\\/afidep.org\\\/fr\\\/publication\\\/an-assessment-of-knowledge-attitudes-perception-and-practice-about-covid-19-among-the-kenyan-population\\\/#breadcrumb\"},\"inLanguage\":\"fr-FR\",\"potentialAction\":[{\"@type\":\"ReadAction\",\"target\":[\"https:\\\/\\\/afidep.org\\\/fr\\\/publication\\\/an-assessment-of-knowledge-attitudes-perception-and-practice-about-covid-19-among-the-kenyan-population\\\/\"]}]},{\"@type\":\"ImageObject\",\"inLanguage\":\"fr-FR\",\"@id\":\"https:\\\/\\\/afidep.org\\\/fr\\\/publication\\\/an-assessment-of-knowledge-attitudes-perception-and-practice-about-covid-19-among-the-kenyan-population\\\/#primaryimage\",\"url\":\"https:\\\/\\\/afidep.org\\\/wp-content\\\/uploads\\\/2020\\\/11\\\/Covid-19-KAPP-Study-Policy_Page_1.jpg\",\"contentUrl\":\"https:\\\/\\\/afidep.org\\\/wp-content\\\/uploads\\\/2020\\\/11\\\/Covid-19-KAPP-Study-Policy_Page_1.jpg\",\"width\":1654,\"height\":2481},{\"@type\":\"BreadcrumbList\",\"@id\":\"https:\\\/\\\/afidep.org\\\/fr\\\/publication\\\/an-assessment-of-knowledge-attitudes-perception-and-practice-about-covid-19-among-the-kenyan-population\\\/#breadcrumb\",\"itemListElement\":[{\"@type\":\"ListItem\",\"position\":1,\"name\":\"Home\",\"item\":\"https:\\\/\\\/afidep.org\\\/fr\\\/\"},{\"@type\":\"ListItem\",\"position\":2,\"name\":\"Une \u00e9valuation des connaissances, attitudes, perceptions et pratiques concernant le COVID-19 au sein de la population kenyane\"}]},{\"@type\":\"WebSite\",\"@id\":\"https:\\\/\\\/afidep.org\\\/fr\\\/#website\",\"url\":\"https:\\\/\\\/afidep.org\\\/fr\\\/\",\"name\":\"African Institute for Development Policy - AFIDEP\",\"description\":\"Bridging Development Research, Policy &amp; Practice\",\"potentialAction\":[{\"@type\":\"SearchAction\",\"target\":{\"@type\":\"EntryPoint\",\"urlTemplate\":\"https:\\\/\\\/afidep.org\\\/fr\\\/?s={search_term_string}\"},\"query-input\":{\"@type\":\"PropertyValueSpecification\",\"valueRequired\":true,\"valueName\":\"search_term_string\"}}],\"inLanguage\":\"fr-FR\"}]}<\/script>\n<!-- \/ Yoast SEO plugin. -->","yoast_head_json":{"title":"Une \u00e9valuation des connaissances, attitudes, perceptions et pratiques concernant le COVID-19 au sein de la population kenyane - African Institute for Development Policy - AFIDEP","description":"Une \u00e9valuation des connaissances, attitudes, perceptions et pratiques concernant le COVID-19 au sein de la population kenyane","robots":{"index":"index","follow":"follow","max-snippet":"max-snippet:-1","max-image-preview":"max-image-preview:large","max-video-preview":"max-video-preview:-1"},"canonical":"https:\/\/afidep.org\/fr\/publication\/an-assessment-of-knowledge-attitudes-perception-and-practice-about-covid-19-among-the-kenyan-population\/","og_locale":"fr_FR","og_type":"article","og_title":"Une \u00e9valuation des connaissances, attitudes, perceptions et pratiques concernant le COVID-19 au sein de la population kenyane - African Institute for Development Policy - AFIDEP","og_description":"Une \u00e9valuation des connaissances, attitudes, perceptions et pratiques concernant le COVID-19 au sein de la population kenyane","og_url":"https:\/\/afidep.org\/fr\/publication\/an-assessment-of-knowledge-attitudes-perception-and-practice-about-covid-19-among-the-kenyan-population\/","og_site_name":"African Institute for Development Policy - AFIDEP","article_modified_time":"2024-02-09T03:22:25+00:00","og_image":[{"width":1654,"height":2481,"url":"https:\/\/afidep.org\/wp-content\/uploads\/2020\/11\/Covid-19-KAPP-Study-Policy_Page_1.jpg","type":"image\/jpeg"}],"twitter_card":"summary_large_image","twitter_misc":{"Dur\u00e9e de lecture estim\u00e9e":"1 minute"},"schema":{"@context":"https:\/\/schema.org","@graph":[{"@type":"WebPage","@id":"https:\/\/afidep.org\/fr\/publication\/an-assessment-of-knowledge-attitudes-perception-and-practice-about-covid-19-among-the-kenyan-population\/","url":"https:\/\/afidep.org\/fr\/publication\/an-assessment-of-knowledge-attitudes-perception-and-practice-about-covid-19-among-the-kenyan-population\/","name":"Une \u00e9valuation des connaissances, attitudes, perceptions et pratiques concernant le COVID-19 au sein de la population kenyane - African Institute for Development Policy - AFIDEP","isPartOf":{"@id":"https:\/\/afidep.org\/fr\/#website"},"primaryImageOfPage":{"@id":"https:\/\/afidep.org\/fr\/publication\/an-assessment-of-knowledge-attitudes-perception-and-practice-about-covid-19-among-the-kenyan-population\/#primaryimage"},"image":{"@id":"https:\/\/afidep.org\/fr\/publication\/an-assessment-of-knowledge-attitudes-perception-and-practice-about-covid-19-among-the-kenyan-population\/#primaryimage"},"thumbnailUrl":"https:\/\/afidep.org\/wp-content\/uploads\/2020\/11\/Covid-19-KAPP-Study-Policy_Page_1.jpg","datePublished":"2020-11-16T13:19:08+00:00","dateModified":"2024-02-09T03:22:25+00:00","description":"Une \u00e9valuation des connaissances, attitudes, perceptions et pratiques concernant le COVID-19 au sein de la population kenyane","breadcrumb":{"@id":"https:\/\/afidep.org\/fr\/publication\/an-assessment-of-knowledge-attitudes-perception-and-practice-about-covid-19-among-the-kenyan-population\/#breadcrumb"},"inLanguage":"fr-FR","potentialAction":[{"@type":"ReadAction","target":["https:\/\/afidep.org\/fr\/publication\/an-assessment-of-knowledge-attitudes-perception-and-practice-about-covid-19-among-the-kenyan-population\/"]}]},{"@type":"ImageObject","inLanguage":"fr-FR","@id":"https:\/\/afidep.org\/fr\/publication\/an-assessment-of-knowledge-attitudes-perception-and-practice-about-covid-19-among-the-kenyan-population\/#primaryimage","url":"https:\/\/afidep.org\/wp-content\/uploads\/2020\/11\/Covid-19-KAPP-Study-Policy_Page_1.jpg","contentUrl":"https:\/\/afidep.org\/wp-content\/uploads\/2020\/11\/Covid-19-KAPP-Study-Policy_Page_1.jpg","width":1654,"height":2481},{"@type":"BreadcrumbList","@id":"https:\/\/afidep.org\/fr\/publication\/an-assessment-of-knowledge-attitudes-perception-and-practice-about-covid-19-among-the-kenyan-population\/#breadcrumb","itemListElement":[{"@type":"ListItem","position":1,"name":"Home","item":"https:\/\/afidep.org\/fr\/"},{"@type":"ListItem","position":2,"name":"Une \u00e9valuation des connaissances, attitudes, perceptions et pratiques concernant le COVID-19 au sein de la population kenyane"}]},{"@type":"WebSite","@id":"https:\/\/afidep.org\/fr\/#website","url":"https:\/\/afidep.org\/fr\/","name":"African Institute for Development Policy - AFIDEP","description":"Bridging Development Research, Policy &amp; Practice","potentialAction":[{"@type":"SearchAction","target":{"@type":"EntryPoint","urlTemplate":"https:\/\/afidep.org\/fr\/?s={search_term_string}"},"query-input":{"@type":"PropertyValueSpecification","valueRequired":true,"valueName":"search_term_string"}}],"inLanguage":"fr-FR"}]}},"_links":{"self":[{"href":"https:\/\/afidep.org\/fr\/wp-json\/wp\/v2\/publication\/28487","targetHints":{"allow":["GET"]}}],"collection":[{"href":"https:\/\/afidep.org\/fr\/wp-json\/wp\/v2\/publication"}],"about":[{"href":"https:\/\/afidep.org\/fr\/wp-json\/wp\/v2\/types\/publication"}],"wp:featuredmedia":[{"embeddable":true,"href":"https:\/\/afidep.org\/fr\/wp-json\/wp\/v2\/media\/27219"}],"wp:attachment":[{"href":"https:\/\/afidep.org\/fr\/wp-json\/wp\/v2\/media?parent=28487"}],"wp:term":[{"taxonomy":"post_tag","embeddable":true,"href":"https:\/\/afidep.org\/fr\/wp-json\/wp\/v2\/tags?post=28487"},{"taxonomy":"programme","embeddable":true,"href":"https:\/\/afidep.org\/fr\/wp-json\/wp\/v2\/programme?post=28487"},{"taxonomy":"pub_type","embeddable":true,"href":"https:\/\/afidep.org\/fr\/wp-json\/wp\/v2\/pub_type?post=28487"},{"taxonomy":"country","embeddable":true,"href":"https:\/\/afidep.org\/fr\/wp-json\/wp\/v2\/country?post=28487"},{"taxonomy":"cop26","embeddable":true,"href":"https:\/\/afidep.org\/fr\/wp-json\/wp\/v2\/cop26?post=28487"}],"curies":[{"name":"wp","href":"https:\/\/api.w.org\/{rel}","templated":true}]}}