{"id":31912,"date":"2016-07-22T10:58:55","date_gmt":"2016-07-22T07:58:55","guid":{"rendered":"https:\/\/www.afidep.org\/publication\/reduire-les-incidents-de-carie-dentaire-et-de-carie-des-gencives-chez-les-enfants-scolarises-au-malawi\/"},"modified":"2016-07-22T10:58:55","modified_gmt":"2016-07-22T07:58:55","slug":"reduire-les-incidents-de-carie-dentaire-et-de-carie-des-gencives-chez-les-enfants-scolarises-au-malawi","status":"publish","type":"publication","link":"https:\/\/afidep.org\/fr\/publication\/reduire-les-incidents-de-carie-dentaire-et-de-carie-des-gencives-chez-les-enfants-scolarises-au-malawi\/","title":{"rendered":"R\u00e9duire les incidents de carie dentaire et de carie des gencives chez les enfants scolaris\u00e9s au Malawi"},"content":{"rendered":"<p>&nbsp;<\/p>\n<p>Des \u00e9tudes mondiales sugg\u00e8rent qu&rsquo;un enfant sur deux \u00e2g\u00e9 de 5 \u00e0 9 ans a au moins une carie dentaire, et cette proportion passe \u00e0 huit enfants sur dix \u00e2g\u00e9s de 12 \u00e0 17 ans. Cette constatation concorde avec les \u00e9tudes r\u00e9alis\u00e9es au Malawi. \u00c0 Blantyre, 34 pour cent et 95 pour cent des enfants \u00e2g\u00e9s de 12 \u00e0 15 ans souffraient respectivement de caries et de saignements des gencives. Une autre \u00e9tude men\u00e9e \u00e0 Mchinji, Ntchisi et Nkhotakota aupr\u00e8s d&rsquo;enfants scolaris\u00e9s a montr\u00e9 que 54 pour cent avaient des caries et 65 pour cent des saignements des gencives. Le faible acc\u00e8s aux soins d\u00fb au manque de personnel dentaire hautement qualifi\u00e9 dans le pays contribue \u00e9galement \u00e0 l\u2019incidence \u00e9lev\u00e9e de caries dentaires. Actuellement, le pays ne compte que trois dentistes dans les h\u00f4pitaux publics contre un effectif de 44 postes, 121 th\u00e9rapeutes dentaires contre un effectif de 300 postes et six technologues de laboratoire dentaire dont trois seulement dans les h\u00f4pitaux publics contre un effectif de 40 postes. Le probl\u00e8me est aggrav\u00e9 par l\u2019absence de lignes directrices nationales en mati\u00e8re de sant\u00e9 bucco-dentaire. Cette note d&rsquo;orientation examine de plus pr\u00e8s la g\u00e9n\u00e9alogie de ce probl\u00e8me au Malawi et discute \u00e9galement des options politiques qui pourraient \u00eatre utilis\u00e9es pour tracer la voie \u00e0 une r\u00e9duction de l&rsquo;incidence. Il formule ensuite quelques recommandations d&rsquo;action.<\/p>\n","protected":false},"excerpt":{"rendered":"<p>&nbsp; Des \u00e9tudes mondiales sugg\u00e8rent qu&rsquo;un enfant sur deux \u00e2g\u00e9 de 5 \u00e0 9 ans a au moins une carie dentaire, et cette proportion passe \u00e0 huit enfants sur dix \u00e2g\u00e9s de 12 \u00e0 17 ans. Cette constatation concorde avec les \u00e9tudes r\u00e9alis\u00e9es au Malawi. \u00c0 Blantyre, 34 pour cent et 95 pour cent des enfants \u00e2g\u00e9s de 12 \u00e0 15 ans souffraient respectivement de caries et de saignements des gencives. Une autre \u00e9tude men\u00e9e \u00e0 Mchinji, Ntchisi et Nkhotakota aupr\u00e8s d&rsquo;enfants scolaris\u00e9s a montr\u00e9 que 54 pour cent avaient des caries et 65 pour cent des saignements des gencives. [&hellip;]<\/p>\n","protected":false},"featured_media":21923,"template":"","meta":{"_acf_changed":false,"give_campaign_id":0,"inline_featured_image":false},"tags":[],"programme":[3000,3005],"pub_type":[3105],"country":[],"cop26":[],"class_list":["post-31912","publication","type-publication","status-publish","has-post-thumbnail","hentry","programme-gouvernance-et-responsabilite","programme-renforcer-la-capacite-dutiliser-les-donnees-probantes-de-la-recherche-dans-les-politiques-de-sante","pub_type-policy-briefs-fr"],"acf":[],"yoast_head":"<!-- This site is optimized with the Yoast SEO plugin v27.4 - https:\/\/yoast.com\/product\/yoast-seo-wordpress\/ -->\n<title>R\u00e9duire les incidents de carie dentaire et de carie des gencives chez les enfants scolaris\u00e9s au Malawi - African Institute for Development Policy - AFIDEP<\/title>\n<meta name=\"robots\" content=\"index, follow, max-snippet:-1, max-image-preview:large, max-video-preview:-1\" \/>\n<link rel=\"canonical\" href=\"https:\/\/afidep.org\/fr\/publication\/reduire-les-incidents-de-carie-dentaire-et-de-carie-des-gencives-chez-les-enfants-scolarises-au-malawi\/\" \/>\n<meta property=\"og:locale\" content=\"fr_FR\" \/>\n<meta property=\"og:type\" content=\"article\" \/>\n<meta property=\"og:title\" content=\"R\u00e9duire les incidents de carie dentaire et de carie des gencives chez les enfants scolaris\u00e9s au Malawi - African Institute for Development Policy - AFIDEP\" \/>\n<meta property=\"og:description\" content=\"&nbsp; Des \u00e9tudes mondiales sugg\u00e8rent qu&rsquo;un enfant sur deux \u00e2g\u00e9 de 5 \u00e0 9 ans a au moins une carie dentaire, et cette proportion passe \u00e0 huit enfants sur dix \u00e2g\u00e9s de 12 \u00e0 17 ans. Cette constatation concorde avec les \u00e9tudes r\u00e9alis\u00e9es au Malawi. \u00c0 Blantyre, 34 pour cent et 95 pour cent des enfants \u00e2g\u00e9s de 12 \u00e0 15 ans souffraient respectivement de caries et de saignements des gencives. Une autre \u00e9tude men\u00e9e \u00e0 Mchinji, Ntchisi et Nkhotakota aupr\u00e8s d&rsquo;enfants scolaris\u00e9s a montr\u00e9 que 54 pour cent avaient des caries et 65 pour cent des saignements des gencives. [&hellip;]\" \/>\n<meta property=\"og:url\" content=\"https:\/\/afidep.org\/fr\/publication\/reduire-les-incidents-de-carie-dentaire-et-de-carie-des-gencives-chez-les-enfants-scolarises-au-malawi\/\" \/>\n<meta property=\"og:site_name\" content=\"African Institute for Development Policy - AFIDEP\" \/>\n<meta property=\"og:image\" content=\"https:\/\/afidep.org\/wp-content\/uploads\/2016\/07\/Enock-Phale.jpg\" \/>\n\t<meta property=\"og:image:width\" content=\"596\" \/>\n\t<meta property=\"og:image:height\" content=\"842\" \/>\n\t<meta property=\"og:image:type\" content=\"image\/jpeg\" \/>\n<meta name=\"twitter:card\" content=\"summary_large_image\" \/>\n<meta name=\"twitter:label1\" content=\"Dur\u00e9e de lecture estim\u00e9e\" \/>\n\t<meta name=\"twitter:data1\" content=\"1 minute\" \/>\n<script type=\"application\/ld+json\" class=\"yoast-schema-graph\">{\"@context\":\"https:\\\/\\\/schema.org\",\"@graph\":[{\"@type\":\"WebPage\",\"@id\":\"https:\\\/\\\/afidep.org\\\/fr\\\/publication\\\/reduire-les-incidents-de-carie-dentaire-et-de-carie-des-gencives-chez-les-enfants-scolarises-au-malawi\\\/\",\"url\":\"https:\\\/\\\/afidep.org\\\/fr\\\/publication\\\/reduire-les-incidents-de-carie-dentaire-et-de-carie-des-gencives-chez-les-enfants-scolarises-au-malawi\\\/\",\"name\":\"R\u00e9duire les incidents de carie dentaire et de carie des gencives chez les enfants scolaris\u00e9s au Malawi - African Institute for Development Policy - AFIDEP\",\"isPartOf\":{\"@id\":\"https:\\\/\\\/afidep.org\\\/fr\\\/#website\"},\"primaryImageOfPage\":{\"@id\":\"https:\\\/\\\/afidep.org\\\/fr\\\/publication\\\/reduire-les-incidents-de-carie-dentaire-et-de-carie-des-gencives-chez-les-enfants-scolarises-au-malawi\\\/#primaryimage\"},\"image\":{\"@id\":\"https:\\\/\\\/afidep.org\\\/fr\\\/publication\\\/reduire-les-incidents-de-carie-dentaire-et-de-carie-des-gencives-chez-les-enfants-scolarises-au-malawi\\\/#primaryimage\"},\"thumbnailUrl\":\"https:\\\/\\\/afidep.org\\\/wp-content\\\/uploads\\\/2016\\\/07\\\/Enock-Phale.jpg\",\"datePublished\":\"2016-07-22T07:58:55+00:00\",\"breadcrumb\":{\"@id\":\"https:\\\/\\\/afidep.org\\\/fr\\\/publication\\\/reduire-les-incidents-de-carie-dentaire-et-de-carie-des-gencives-chez-les-enfants-scolarises-au-malawi\\\/#breadcrumb\"},\"inLanguage\":\"fr-FR\",\"potentialAction\":[{\"@type\":\"ReadAction\",\"target\":[\"https:\\\/\\\/afidep.org\\\/fr\\\/publication\\\/reduire-les-incidents-de-carie-dentaire-et-de-carie-des-gencives-chez-les-enfants-scolarises-au-malawi\\\/\"]}]},{\"@type\":\"ImageObject\",\"inLanguage\":\"fr-FR\",\"@id\":\"https:\\\/\\\/afidep.org\\\/fr\\\/publication\\\/reduire-les-incidents-de-carie-dentaire-et-de-carie-des-gencives-chez-les-enfants-scolarises-au-malawi\\\/#primaryimage\",\"url\":\"https:\\\/\\\/afidep.org\\\/wp-content\\\/uploads\\\/2016\\\/07\\\/Enock-Phale.jpg\",\"contentUrl\":\"https:\\\/\\\/afidep.org\\\/wp-content\\\/uploads\\\/2016\\\/07\\\/Enock-Phale.jpg\",\"width\":596,\"height\":842},{\"@type\":\"BreadcrumbList\",\"@id\":\"https:\\\/\\\/afidep.org\\\/fr\\\/publication\\\/reduire-les-incidents-de-carie-dentaire-et-de-carie-des-gencives-chez-les-enfants-scolarises-au-malawi\\\/#breadcrumb\",\"itemListElement\":[{\"@type\":\"ListItem\",\"position\":1,\"name\":\"Home\",\"item\":\"https:\\\/\\\/afidep.org\\\/fr\\\/\"},{\"@type\":\"ListItem\",\"position\":2,\"name\":\"R\u00e9duire les incidents de carie dentaire et de carie des gencives chez les enfants scolaris\u00e9s au Malawi\"}]},{\"@type\":\"WebSite\",\"@id\":\"https:\\\/\\\/afidep.org\\\/fr\\\/#website\",\"url\":\"https:\\\/\\\/afidep.org\\\/fr\\\/\",\"name\":\"African Institute for Development Policy - AFIDEP\",\"description\":\"Bridging Development Research, Policy &amp; Practice\",\"potentialAction\":[{\"@type\":\"SearchAction\",\"target\":{\"@type\":\"EntryPoint\",\"urlTemplate\":\"https:\\\/\\\/afidep.org\\\/fr\\\/?s={search_term_string}\"},\"query-input\":{\"@type\":\"PropertyValueSpecification\",\"valueRequired\":true,\"valueName\":\"search_term_string\"}}],\"inLanguage\":\"fr-FR\"}]}<\/script>\n<!-- \/ Yoast SEO plugin. -->","yoast_head_json":{"title":"R\u00e9duire les incidents de carie dentaire et de carie des gencives chez les enfants scolaris\u00e9s au Malawi - African Institute for Development Policy - AFIDEP","robots":{"index":"index","follow":"follow","max-snippet":"max-snippet:-1","max-image-preview":"max-image-preview:large","max-video-preview":"max-video-preview:-1"},"canonical":"https:\/\/afidep.org\/fr\/publication\/reduire-les-incidents-de-carie-dentaire-et-de-carie-des-gencives-chez-les-enfants-scolarises-au-malawi\/","og_locale":"fr_FR","og_type":"article","og_title":"R\u00e9duire les incidents de carie dentaire et de carie des gencives chez les enfants scolaris\u00e9s au Malawi - African Institute for Development Policy - AFIDEP","og_description":"&nbsp; Des \u00e9tudes mondiales sugg\u00e8rent qu&rsquo;un enfant sur deux \u00e2g\u00e9 de 5 \u00e0 9 ans a au moins une carie dentaire, et cette proportion passe \u00e0 huit enfants sur dix \u00e2g\u00e9s de 12 \u00e0 17 ans. Cette constatation concorde avec les \u00e9tudes r\u00e9alis\u00e9es au Malawi. \u00c0 Blantyre, 34 pour cent et 95 pour cent des enfants \u00e2g\u00e9s de 12 \u00e0 15 ans souffraient respectivement de caries et de saignements des gencives. Une autre \u00e9tude men\u00e9e \u00e0 Mchinji, Ntchisi et Nkhotakota aupr\u00e8s d&rsquo;enfants scolaris\u00e9s a montr\u00e9 que 54 pour cent avaient des caries et 65 pour cent des saignements des gencives. [&hellip;]","og_url":"https:\/\/afidep.org\/fr\/publication\/reduire-les-incidents-de-carie-dentaire-et-de-carie-des-gencives-chez-les-enfants-scolarises-au-malawi\/","og_site_name":"African Institute for Development Policy - AFIDEP","og_image":[{"width":596,"height":842,"url":"https:\/\/afidep.org\/wp-content\/uploads\/2016\/07\/Enock-Phale.jpg","type":"image\/jpeg"}],"twitter_card":"summary_large_image","twitter_misc":{"Dur\u00e9e de lecture estim\u00e9e":"1 minute"},"schema":{"@context":"https:\/\/schema.org","@graph":[{"@type":"WebPage","@id":"https:\/\/afidep.org\/fr\/publication\/reduire-les-incidents-de-carie-dentaire-et-de-carie-des-gencives-chez-les-enfants-scolarises-au-malawi\/","url":"https:\/\/afidep.org\/fr\/publication\/reduire-les-incidents-de-carie-dentaire-et-de-carie-des-gencives-chez-les-enfants-scolarises-au-malawi\/","name":"R\u00e9duire les incidents de carie dentaire et de carie des gencives chez les enfants scolaris\u00e9s au Malawi - African Institute for Development Policy - AFIDEP","isPartOf":{"@id":"https:\/\/afidep.org\/fr\/#website"},"primaryImageOfPage":{"@id":"https:\/\/afidep.org\/fr\/publication\/reduire-les-incidents-de-carie-dentaire-et-de-carie-des-gencives-chez-les-enfants-scolarises-au-malawi\/#primaryimage"},"image":{"@id":"https:\/\/afidep.org\/fr\/publication\/reduire-les-incidents-de-carie-dentaire-et-de-carie-des-gencives-chez-les-enfants-scolarises-au-malawi\/#primaryimage"},"thumbnailUrl":"https:\/\/afidep.org\/wp-content\/uploads\/2016\/07\/Enock-Phale.jpg","datePublished":"2016-07-22T07:58:55+00:00","breadcrumb":{"@id":"https:\/\/afidep.org\/fr\/publication\/reduire-les-incidents-de-carie-dentaire-et-de-carie-des-gencives-chez-les-enfants-scolarises-au-malawi\/#breadcrumb"},"inLanguage":"fr-FR","potentialAction":[{"@type":"ReadAction","target":["https:\/\/afidep.org\/fr\/publication\/reduire-les-incidents-de-carie-dentaire-et-de-carie-des-gencives-chez-les-enfants-scolarises-au-malawi\/"]}]},{"@type":"ImageObject","inLanguage":"fr-FR","@id":"https:\/\/afidep.org\/fr\/publication\/reduire-les-incidents-de-carie-dentaire-et-de-carie-des-gencives-chez-les-enfants-scolarises-au-malawi\/#primaryimage","url":"https:\/\/afidep.org\/wp-content\/uploads\/2016\/07\/Enock-Phale.jpg","contentUrl":"https:\/\/afidep.org\/wp-content\/uploads\/2016\/07\/Enock-Phale.jpg","width":596,"height":842},{"@type":"BreadcrumbList","@id":"https:\/\/afidep.org\/fr\/publication\/reduire-les-incidents-de-carie-dentaire-et-de-carie-des-gencives-chez-les-enfants-scolarises-au-malawi\/#breadcrumb","itemListElement":[{"@type":"ListItem","position":1,"name":"Home","item":"https:\/\/afidep.org\/fr\/"},{"@type":"ListItem","position":2,"name":"R\u00e9duire les incidents de carie dentaire et de carie des gencives chez les enfants scolaris\u00e9s au Malawi"}]},{"@type":"WebSite","@id":"https:\/\/afidep.org\/fr\/#website","url":"https:\/\/afidep.org\/fr\/","name":"African Institute for Development Policy - AFIDEP","description":"Bridging Development Research, Policy &amp; Practice","potentialAction":[{"@type":"SearchAction","target":{"@type":"EntryPoint","urlTemplate":"https:\/\/afidep.org\/fr\/?s={search_term_string}"},"query-input":{"@type":"PropertyValueSpecification","valueRequired":true,"valueName":"search_term_string"}}],"inLanguage":"fr-FR"}]}},"_links":{"self":[{"href":"https:\/\/afidep.org\/fr\/wp-json\/wp\/v2\/publication\/31912","targetHints":{"allow":["GET"]}}],"collection":[{"href":"https:\/\/afidep.org\/fr\/wp-json\/wp\/v2\/publication"}],"about":[{"href":"https:\/\/afidep.org\/fr\/wp-json\/wp\/v2\/types\/publication"}],"wp:featuredmedia":[{"embeddable":true,"href":"https:\/\/afidep.org\/fr\/wp-json\/wp\/v2\/media\/21923"}],"wp:attachment":[{"href":"https:\/\/afidep.org\/fr\/wp-json\/wp\/v2\/media?parent=31912"}],"wp:term":[{"taxonomy":"post_tag","embeddable":true,"href":"https:\/\/afidep.org\/fr\/wp-json\/wp\/v2\/tags?post=31912"},{"taxonomy":"programme","embeddable":true,"href":"https:\/\/afidep.org\/fr\/wp-json\/wp\/v2\/programme?post=31912"},{"taxonomy":"pub_type","embeddable":true,"href":"https:\/\/afidep.org\/fr\/wp-json\/wp\/v2\/pub_type?post=31912"},{"taxonomy":"country","embeddable":true,"href":"https:\/\/afidep.org\/fr\/wp-json\/wp\/v2\/country?post=31912"},{"taxonomy":"cop26","embeddable":true,"href":"https:\/\/afidep.org\/fr\/wp-json\/wp\/v2\/cop26?post=31912"}],"curies":[{"name":"wp","href":"https:\/\/api.w.org\/{rel}","templated":true}]}}