{"id":32053,"date":"2014-07-17T10:41:55","date_gmt":"2014-07-17T07:41:55","guid":{"rendered":"https:\/\/www.afidep.org\/publication\/sante-et-vih-sida-le-long-des-corridors-de-transport-de-la-communaute-dafrique-de-lest-une-analyse-situationnelle\/"},"modified":"2014-07-17T10:41:55","modified_gmt":"2014-07-17T07:41:55","slug":"sante-et-vih-sida-le-long-des-corridors-de-transport-de-la-communaute-dafrique-de-lest-une-analyse-situationnelle","status":"publish","type":"publication","link":"https:\/\/afidep.org\/fr\/publication\/sante-et-vih-sida-le-long-des-corridors-de-transport-de-la-communaute-dafrique-de-lest-une-analyse-situationnelle\/","title":{"rendered":"Sant\u00e9 et VIH\/SIDA le long des corridors de transport de la Communaut\u00e9 d\u2019Afrique de l\u2019Est : une analyse situationnelle"},"content":{"rendered":"<p>Cette note d&rsquo;orientation donne un aper\u00e7u des r\u00e9sultats d&rsquo;une analyse situationnelle men\u00e9e en juillet 2014 sur la sant\u00e9 et le VIH\/SIDA pour soutenir le d\u00e9veloppement d&rsquo;une strat\u00e9gie r\u00e9gionale pour une programmation int\u00e9gr\u00e9e de la sant\u00e9 et du VIH le long des corridors de transport de la Communaut\u00e9 de l&rsquo;Afrique de l&rsquo;Est (EAC). Il met en \u00e9vidence les lacunes existantes et les opportunit\u00e9s d&rsquo;am\u00e9lioration de la prestation de services le long des corridors de transport de la CAE, avec un accent particulier sur les populations migrantes et mobiles.<\/p>\n","protected":false},"excerpt":{"rendered":"<p>Cette note d&rsquo;orientation donne un aper\u00e7u des r\u00e9sultats d&rsquo;une analyse situationnelle men\u00e9e en juillet 2014 sur la sant\u00e9 et le VIH\/SIDA pour soutenir le d\u00e9veloppement d&rsquo;une strat\u00e9gie r\u00e9gionale pour une programmation int\u00e9gr\u00e9e de la sant\u00e9 et du VIH le long des corridors de transport de la Communaut\u00e9 de l&rsquo;Afrique de l&rsquo;Est (EAC). Il met en \u00e9vidence les lacunes existantes et les opportunit\u00e9s d&rsquo;am\u00e9lioration de la prestation de services le long des corridors de transport de la CAE, avec un accent particulier sur les populations migrantes et mobiles.<\/p>\n","protected":false},"featured_media":24335,"template":"","meta":{"_acf_changed":false,"give_campaign_id":0,"inline_featured_image":false},"tags":[3242,2587],"programme":[3084,3014],"pub_type":[3105],"country":[3037,3047,3049],"cop26":[],"class_list":["post-32053","publication","type-publication","status-publish","has-post-thumbnail","hentry","tag-east-african-community-fr","tag-hiv-aids-fr","programme-projet-de-partenariat-integre-de-sante-transfrontalier","programme-sante-et-bien-etre","pub_type-policy-briefs-fr","country-kenya-fr","country-tanzania-fr","country-uganda-fr"],"acf":[],"yoast_head":"<!-- This site is optimized with the Yoast SEO plugin v27.4 - https:\/\/yoast.com\/product\/yoast-seo-wordpress\/ -->\n<title>Sant\u00e9 et VIH\/SIDA le long des corridors de transport de la Communaut\u00e9 d\u2019Afrique de l\u2019Est : une analyse situationnelle - African Institute for Development Policy - AFIDEP<\/title>\n<meta name=\"description\" content=\"Cette note d&#039;orientation donne un aper\u00e7u des r\u00e9sultats d&#039;une analyse situationnelle men\u00e9e en juillet 2014 sur la sant\u00e9 et le VIH\/SIDA pour soutenir le d\u00e9veloppement d&#039;une strat\u00e9gie r\u00e9gionale pour une programmation int\u00e9gr\u00e9e de la sant\u00e9 et du VIH le long des corridors de transport de la Communaut\u00e9 de l&#039;Afrique de l&#039;Est (EAC).\" \/>\n<meta name=\"robots\" content=\"index, follow, max-snippet:-1, max-image-preview:large, max-video-preview:-1\" \/>\n<link rel=\"canonical\" href=\"https:\/\/afidep.org\/fr\/publication\/sante-et-vih-sida-le-long-des-corridors-de-transport-de-la-communaute-dafrique-de-lest-une-analyse-situationnelle\/\" \/>\n<meta property=\"og:locale\" content=\"fr_FR\" \/>\n<meta property=\"og:type\" content=\"article\" \/>\n<meta property=\"og:title\" content=\"Sant\u00e9 et VIH\/SIDA le long des corridors de transport de la Communaut\u00e9 d\u2019Afrique de l\u2019Est : une analyse situationnelle - African Institute for Development Policy - AFIDEP\" \/>\n<meta property=\"og:description\" content=\"Cette note d&#039;orientation donne un aper\u00e7u des r\u00e9sultats d&#039;une analyse situationnelle men\u00e9e en juillet 2014 sur la sant\u00e9 et le VIH\/SIDA pour soutenir le d\u00e9veloppement d&#039;une strat\u00e9gie r\u00e9gionale pour une programmation int\u00e9gr\u00e9e de la sant\u00e9 et du VIH le long des corridors de transport de la Communaut\u00e9 de l&#039;Afrique de l&#039;Est (EAC).\" \/>\n<meta property=\"og:url\" content=\"https:\/\/afidep.org\/fr\/publication\/sante-et-vih-sida-le-long-des-corridors-de-transport-de-la-communaute-dafrique-de-lest-une-analyse-situationnelle\/\" \/>\n<meta property=\"og:site_name\" content=\"African Institute for Development Policy - AFIDEP\" \/>\n<meta property=\"og:image\" content=\"https:\/\/afidep.org\/wp-content\/uploads\/2016\/03\/PB.SiTan_CBHIPP-finalsc-copy.jpg\" \/>\n\t<meta property=\"og:image:width\" content=\"596\" \/>\n\t<meta property=\"og:image:height\" content=\"842\" \/>\n\t<meta property=\"og:image:type\" content=\"image\/jpeg\" \/>\n<meta name=\"twitter:card\" content=\"summary_large_image\" \/>\n<script type=\"application\/ld+json\" class=\"yoast-schema-graph\">{\"@context\":\"https:\\\/\\\/schema.org\",\"@graph\":[{\"@type\":\"WebPage\",\"@id\":\"https:\\\/\\\/afidep.org\\\/fr\\\/publication\\\/sante-et-vih-sida-le-long-des-corridors-de-transport-de-la-communaute-dafrique-de-lest-une-analyse-situationnelle\\\/\",\"url\":\"https:\\\/\\\/afidep.org\\\/fr\\\/publication\\\/sante-et-vih-sida-le-long-des-corridors-de-transport-de-la-communaute-dafrique-de-lest-une-analyse-situationnelle\\\/\",\"name\":\"Sant\u00e9 et VIH\\\/SIDA le long des corridors de transport de la Communaut\u00e9 d\u2019Afrique de l\u2019Est : une analyse situationnelle - African Institute for Development Policy - AFIDEP\",\"isPartOf\":{\"@id\":\"https:\\\/\\\/afidep.org\\\/fr\\\/#website\"},\"primaryImageOfPage\":{\"@id\":\"https:\\\/\\\/afidep.org\\\/fr\\\/publication\\\/sante-et-vih-sida-le-long-des-corridors-de-transport-de-la-communaute-dafrique-de-lest-une-analyse-situationnelle\\\/#primaryimage\"},\"image\":{\"@id\":\"https:\\\/\\\/afidep.org\\\/fr\\\/publication\\\/sante-et-vih-sida-le-long-des-corridors-de-transport-de-la-communaute-dafrique-de-lest-une-analyse-situationnelle\\\/#primaryimage\"},\"thumbnailUrl\":\"https:\\\/\\\/afidep.org\\\/wp-content\\\/uploads\\\/2016\\\/03\\\/PB.SiTan_CBHIPP-finalsc-copy.jpg\",\"datePublished\":\"2014-07-17T07:41:55+00:00\",\"description\":\"Cette note d'orientation donne un aper\u00e7u des r\u00e9sultats d'une analyse situationnelle men\u00e9e en juillet 2014 sur la sant\u00e9 et le VIH\\\/SIDA pour soutenir le d\u00e9veloppement d'une strat\u00e9gie r\u00e9gionale pour une programmation int\u00e9gr\u00e9e de la sant\u00e9 et du VIH le long des corridors de transport de la Communaut\u00e9 de l'Afrique de l'Est (EAC).\",\"breadcrumb\":{\"@id\":\"https:\\\/\\\/afidep.org\\\/fr\\\/publication\\\/sante-et-vih-sida-le-long-des-corridors-de-transport-de-la-communaute-dafrique-de-lest-une-analyse-situationnelle\\\/#breadcrumb\"},\"inLanguage\":\"fr-FR\",\"potentialAction\":[{\"@type\":\"ReadAction\",\"target\":[\"https:\\\/\\\/afidep.org\\\/fr\\\/publication\\\/sante-et-vih-sida-le-long-des-corridors-de-transport-de-la-communaute-dafrique-de-lest-une-analyse-situationnelle\\\/\"]}]},{\"@type\":\"ImageObject\",\"inLanguage\":\"fr-FR\",\"@id\":\"https:\\\/\\\/afidep.org\\\/fr\\\/publication\\\/sante-et-vih-sida-le-long-des-corridors-de-transport-de-la-communaute-dafrique-de-lest-une-analyse-situationnelle\\\/#primaryimage\",\"url\":\"https:\\\/\\\/afidep.org\\\/wp-content\\\/uploads\\\/2016\\\/03\\\/PB.SiTan_CBHIPP-finalsc-copy.jpg\",\"contentUrl\":\"https:\\\/\\\/afidep.org\\\/wp-content\\\/uploads\\\/2016\\\/03\\\/PB.SiTan_CBHIPP-finalsc-copy.jpg\",\"width\":596,\"height\":842},{\"@type\":\"BreadcrumbList\",\"@id\":\"https:\\\/\\\/afidep.org\\\/fr\\\/publication\\\/sante-et-vih-sida-le-long-des-corridors-de-transport-de-la-communaute-dafrique-de-lest-une-analyse-situationnelle\\\/#breadcrumb\",\"itemListElement\":[{\"@type\":\"ListItem\",\"position\":1,\"name\":\"Home\",\"item\":\"https:\\\/\\\/afidep.org\\\/fr\\\/\"},{\"@type\":\"ListItem\",\"position\":2,\"name\":\"Sant\u00e9 et VIH\\\/SIDA le long des corridors de transport de la Communaut\u00e9 d\u2019Afrique de l\u2019Est : une analyse situationnelle\"}]},{\"@type\":\"WebSite\",\"@id\":\"https:\\\/\\\/afidep.org\\\/fr\\\/#website\",\"url\":\"https:\\\/\\\/afidep.org\\\/fr\\\/\",\"name\":\"African Institute for Development Policy - AFIDEP\",\"description\":\"Bridging Development Research, Policy &amp; Practice\",\"potentialAction\":[{\"@type\":\"SearchAction\",\"target\":{\"@type\":\"EntryPoint\",\"urlTemplate\":\"https:\\\/\\\/afidep.org\\\/fr\\\/?s={search_term_string}\"},\"query-input\":{\"@type\":\"PropertyValueSpecification\",\"valueRequired\":true,\"valueName\":\"search_term_string\"}}],\"inLanguage\":\"fr-FR\"}]}<\/script>\n<!-- \/ Yoast SEO plugin. -->","yoast_head_json":{"title":"Sant\u00e9 et VIH\/SIDA le long des corridors de transport de la Communaut\u00e9 d\u2019Afrique de l\u2019Est : une analyse situationnelle - African Institute for Development Policy - AFIDEP","description":"Cette note d'orientation donne un aper\u00e7u des r\u00e9sultats d'une analyse situationnelle men\u00e9e en juillet 2014 sur la sant\u00e9 et le VIH\/SIDA pour soutenir le d\u00e9veloppement d'une strat\u00e9gie r\u00e9gionale pour une programmation int\u00e9gr\u00e9e de la sant\u00e9 et du VIH le long des corridors de transport de la Communaut\u00e9 de l'Afrique de l'Est (EAC).","robots":{"index":"index","follow":"follow","max-snippet":"max-snippet:-1","max-image-preview":"max-image-preview:large","max-video-preview":"max-video-preview:-1"},"canonical":"https:\/\/afidep.org\/fr\/publication\/sante-et-vih-sida-le-long-des-corridors-de-transport-de-la-communaute-dafrique-de-lest-une-analyse-situationnelle\/","og_locale":"fr_FR","og_type":"article","og_title":"Sant\u00e9 et VIH\/SIDA le long des corridors de transport de la Communaut\u00e9 d\u2019Afrique de l\u2019Est : une analyse situationnelle - African Institute for Development Policy - AFIDEP","og_description":"Cette note d'orientation donne un aper\u00e7u des r\u00e9sultats d'une analyse situationnelle men\u00e9e en juillet 2014 sur la sant\u00e9 et le VIH\/SIDA pour soutenir le d\u00e9veloppement d'une strat\u00e9gie r\u00e9gionale pour une programmation int\u00e9gr\u00e9e de la sant\u00e9 et du VIH le long des corridors de transport de la Communaut\u00e9 de l'Afrique de l'Est (EAC).","og_url":"https:\/\/afidep.org\/fr\/publication\/sante-et-vih-sida-le-long-des-corridors-de-transport-de-la-communaute-dafrique-de-lest-une-analyse-situationnelle\/","og_site_name":"African Institute for Development Policy - AFIDEP","og_image":[{"width":596,"height":842,"url":"https:\/\/afidep.org\/wp-content\/uploads\/2016\/03\/PB.SiTan_CBHIPP-finalsc-copy.jpg","type":"image\/jpeg"}],"twitter_card":"summary_large_image","schema":{"@context":"https:\/\/schema.org","@graph":[{"@type":"WebPage","@id":"https:\/\/afidep.org\/fr\/publication\/sante-et-vih-sida-le-long-des-corridors-de-transport-de-la-communaute-dafrique-de-lest-une-analyse-situationnelle\/","url":"https:\/\/afidep.org\/fr\/publication\/sante-et-vih-sida-le-long-des-corridors-de-transport-de-la-communaute-dafrique-de-lest-une-analyse-situationnelle\/","name":"Sant\u00e9 et VIH\/SIDA le long des corridors de transport de la Communaut\u00e9 d\u2019Afrique de l\u2019Est : une analyse situationnelle - African Institute for Development Policy - AFIDEP","isPartOf":{"@id":"https:\/\/afidep.org\/fr\/#website"},"primaryImageOfPage":{"@id":"https:\/\/afidep.org\/fr\/publication\/sante-et-vih-sida-le-long-des-corridors-de-transport-de-la-communaute-dafrique-de-lest-une-analyse-situationnelle\/#primaryimage"},"image":{"@id":"https:\/\/afidep.org\/fr\/publication\/sante-et-vih-sida-le-long-des-corridors-de-transport-de-la-communaute-dafrique-de-lest-une-analyse-situationnelle\/#primaryimage"},"thumbnailUrl":"https:\/\/afidep.org\/wp-content\/uploads\/2016\/03\/PB.SiTan_CBHIPP-finalsc-copy.jpg","datePublished":"2014-07-17T07:41:55+00:00","description":"Cette note d'orientation donne un aper\u00e7u des r\u00e9sultats d'une analyse situationnelle men\u00e9e en juillet 2014 sur la sant\u00e9 et le VIH\/SIDA pour soutenir le d\u00e9veloppement d'une strat\u00e9gie r\u00e9gionale pour une programmation int\u00e9gr\u00e9e de la sant\u00e9 et du VIH le long des corridors de transport de la Communaut\u00e9 de l'Afrique de l'Est (EAC).","breadcrumb":{"@id":"https:\/\/afidep.org\/fr\/publication\/sante-et-vih-sida-le-long-des-corridors-de-transport-de-la-communaute-dafrique-de-lest-une-analyse-situationnelle\/#breadcrumb"},"inLanguage":"fr-FR","potentialAction":[{"@type":"ReadAction","target":["https:\/\/afidep.org\/fr\/publication\/sante-et-vih-sida-le-long-des-corridors-de-transport-de-la-communaute-dafrique-de-lest-une-analyse-situationnelle\/"]}]},{"@type":"ImageObject","inLanguage":"fr-FR","@id":"https:\/\/afidep.org\/fr\/publication\/sante-et-vih-sida-le-long-des-corridors-de-transport-de-la-communaute-dafrique-de-lest-une-analyse-situationnelle\/#primaryimage","url":"https:\/\/afidep.org\/wp-content\/uploads\/2016\/03\/PB.SiTan_CBHIPP-finalsc-copy.jpg","contentUrl":"https:\/\/afidep.org\/wp-content\/uploads\/2016\/03\/PB.SiTan_CBHIPP-finalsc-copy.jpg","width":596,"height":842},{"@type":"BreadcrumbList","@id":"https:\/\/afidep.org\/fr\/publication\/sante-et-vih-sida-le-long-des-corridors-de-transport-de-la-communaute-dafrique-de-lest-une-analyse-situationnelle\/#breadcrumb","itemListElement":[{"@type":"ListItem","position":1,"name":"Home","item":"https:\/\/afidep.org\/fr\/"},{"@type":"ListItem","position":2,"name":"Sant\u00e9 et VIH\/SIDA le long des corridors de transport de la Communaut\u00e9 d\u2019Afrique de l\u2019Est : une analyse situationnelle"}]},{"@type":"WebSite","@id":"https:\/\/afidep.org\/fr\/#website","url":"https:\/\/afidep.org\/fr\/","name":"African Institute for Development Policy - AFIDEP","description":"Bridging Development Research, Policy &amp; Practice","potentialAction":[{"@type":"SearchAction","target":{"@type":"EntryPoint","urlTemplate":"https:\/\/afidep.org\/fr\/?s={search_term_string}"},"query-input":{"@type":"PropertyValueSpecification","valueRequired":true,"valueName":"search_term_string"}}],"inLanguage":"fr-FR"}]}},"_links":{"self":[{"href":"https:\/\/afidep.org\/fr\/wp-json\/wp\/v2\/publication\/32053","targetHints":{"allow":["GET"]}}],"collection":[{"href":"https:\/\/afidep.org\/fr\/wp-json\/wp\/v2\/publication"}],"about":[{"href":"https:\/\/afidep.org\/fr\/wp-json\/wp\/v2\/types\/publication"}],"wp:featuredmedia":[{"embeddable":true,"href":"https:\/\/afidep.org\/fr\/wp-json\/wp\/v2\/media\/24335"}],"wp:attachment":[{"href":"https:\/\/afidep.org\/fr\/wp-json\/wp\/v2\/media?parent=32053"}],"wp:term":[{"taxonomy":"post_tag","embeddable":true,"href":"https:\/\/afidep.org\/fr\/wp-json\/wp\/v2\/tags?post=32053"},{"taxonomy":"programme","embeddable":true,"href":"https:\/\/afidep.org\/fr\/wp-json\/wp\/v2\/programme?post=32053"},{"taxonomy":"pub_type","embeddable":true,"href":"https:\/\/afidep.org\/fr\/wp-json\/wp\/v2\/pub_type?post=32053"},{"taxonomy":"country","embeddable":true,"href":"https:\/\/afidep.org\/fr\/wp-json\/wp\/v2\/country?post=32053"},{"taxonomy":"cop26","embeddable":true,"href":"https:\/\/afidep.org\/fr\/wp-json\/wp\/v2\/cop26?post=32053"}],"curies":[{"name":"wp","href":"https:\/\/api.w.org\/{rel}","templated":true}]}}